{"id":3664,"date":"2024-10-01T12:27:28","date_gmt":"2024-10-01T11:27:28","guid":{"rendered":"https:\/\/www.sv-b.de\/?page_id=3664"},"modified":"2025-01-06T23:48:45","modified_gmt":"2025-01-06T22:48:45","slug":"willkommen","status":"publish","type":"page","link":"https:\/\/www.sv-b.de\/","title":{"rendered":"Willkommen"},"content":{"rendered":"\n<p class=\"has-medium-font-size\" style=\"font-style:normal;font-weight:100\">Herzlich willkommen auf der Homepage des gr\u00f6\u00dften Mehrsparten-Sportvereins der <a href=\"https:\/\/www.bedburg-hau.de\" target=\"_blank\" rel=\"noreferrer noopener\">Gemeinde Bedburg-Hau<\/a>.<\/p>\n\n\n\n<p class=\"has-medium-font-size\" style=\"font-style:normal;font-weight:300\">Die SV 1923\/27 e.V. Bedburg-Hau bietet derzeit ca. 700 Mitgliedern, davon ungef\u00e4hr die H\u00e4lfte Kinder und Jugendliche, die M\u00f6glichkeit in vier Sportarten ihren Sport als Hobby und im Wettkampf auszu\u00fcben.<\/p>\n\n\n\n<figure class=\"wp-block-video\"><video height=\"1080\" style=\"aspect-ratio: 1920 \/ 1080;\" width=\"1920\" controls poster=\"https:\/\/www.sv-b.de\/wp-content\/uploads\/2025\/01\/VideoCapture_20241117-103812.jpg\" src=\"https:\/\/www.sv-b.de\/wp-content\/uploads\/2025\/01\/SV_Bedburg_Hau_November_V1_.mp4\" playsinline><\/video><\/figure>\n\n\n\n<p><a href=\"https:\/\/www.sv-b.de\/?page_id=4210\">SV Bedburg-Hau Promotion Video \u2013 SV 1923\/27 e.V. Bedburg-Hau<\/a><\/p>\n\n\n\n<p><\/p>\n\n\n\n<h1 class=\"wp-block-heading has-black-color has-text-color has-link-color wp-elements-e116f382e14c83d8de2177ee8d591167\" style=\"font-style:normal;font-weight:700\"><strong>Aktuelles<\/strong><\/h1>\n\n\n\n<div class=\"wp-block-query is-layout-flow wp-block-query-is-layout-flow\"><ul class=\"columns-3 wp-block-post-template is-layout-grid wp-container-core-post-template-is-layout-2fc57c17 wp-block-post-template-is-layout-grid\"><li class=\"wp-block-post post-4400 post type-post status-publish format-standard hentry category-allgemein category-jugend\">\n\n<div class=\"wp-block-group\" style=\"padding-top:30px;padding-right:30px;padding-bottom:30px;padding-left:30px\"><div class=\"wp-block-group__inner-container is-layout-flow wp-block-group-is-layout-flow\"><h2 class=\"wp-block-post-title\"><a href=\"https:\/\/www.sv-b.de\/?p=4400\" target=\"_self\" >Gedenkstein wiederhergestellt<\/a><\/h2>\n\n<div class=\"wp-block-post-excerpt\"><p class=\"wp-block-post-excerpt__excerpt\">Unter Mithilfe des Heimatvereins Hau, vertreten durch unseren Ortvorsteher Manfred Opgenorth und der Fa. Natursteine [&hellip;] <\/p><\/div>\n\n<div class=\"wp-block-post-date\"><time datetime=\"2026-04-03T12:09:12+01:00\">3. April 2026<\/time><\/div><\/div><\/div>\n\n<\/li><li class=\"wp-block-post post-4398 post type-post status-publish format-standard has-post-thumbnail hentry category-allgemein category-fussball\">\n\n<div class=\"wp-block-group\" style=\"padding-top:30px;padding-right:30px;padding-bottom:30px;padding-left:30px\"><div class=\"wp-block-group__inner-container is-layout-flow wp-block-group-is-layout-flow\"><h2 class=\"wp-block-post-title\"><a href=\"https:\/\/www.sv-b.de\/?p=4398\" target=\"_self\" >Nachruf Kurt H\u00f6velmann<\/a><\/h2>\n\n<div class=\"wp-block-post-excerpt\"><p class=\"wp-block-post-excerpt__excerpt\">Die Sportvereinigung 1923\/27 e.V. Bedburg-Hau trauert um ihr Ehrenmitglied Kurt H\u00f6velmann Kurt trat bereits am [&hellip;] <\/p><\/div>\n\n<div class=\"wp-block-post-date\"><time datetime=\"2026-04-01T11:42:10+01:00\">1. April 2026<\/time><\/div><\/div><\/div>\n\n<\/li><li class=\"wp-block-post post-4396 post type-post status-publish format-standard has-post-thumbnail hentry category-allgemein category-fussball\">\n\n<div class=\"wp-block-group\" style=\"padding-top:30px;padding-right:30px;padding-bottom:30px;padding-left:30px\"><div class=\"wp-block-group__inner-container is-layout-flow wp-block-group-is-layout-flow\"><h2 class=\"wp-block-post-title\"><a href=\"https:\/\/www.sv-b.de\/?p=4396\" target=\"_self\" >Nachruf Erich Jan\u00dfen<\/a><\/h2>\n\n<div class=\"wp-block-post-excerpt\"><p class=\"wp-block-post-excerpt__excerpt\">Die Sportvereinigung 1923\/27 e.V. Bedburg-Hau trauert um ihr Ehrenmitglied Erich Jan\u00dfen Erich trat bereits am [&hellip;] <\/p><\/div>\n\n<div class=\"wp-block-post-date\"><time datetime=\"2026-04-01T11:41:18+01:00\">1. April 2026<\/time><\/div><\/div><\/div>\n\n<\/li><li class=\"wp-block-post post-4393 post type-post status-publish format-standard hentry category-allgemein category-fussball category-fussballjugend category-jugend category-kinderturnen category-tischtennis category-tischtennisjugend category-turnen category-volleyball category-volleyballjugend\">\n\n<div class=\"wp-block-group\" style=\"padding-top:30px;padding-right:30px;padding-bottom:30px;padding-left:30px\"><div class=\"wp-block-group__inner-container is-layout-flow wp-block-group-is-layout-flow\"><h2 class=\"wp-block-post-title\"><a href=\"https:\/\/www.sv-b.de\/?p=4393\" target=\"_self\" >Weihnachtsgru\u00df<\/a><\/h2>\n\n<div class=\"wp-block-post-excerpt\"><p class=\"wp-block-post-excerpt__excerpt\">Das sehr erfolgreiche Jahr 2025 ist nun fast vorbei. Meisterschaften wurden gewonnen und viele andere [&hellip;] <\/p><\/div>\n\n<div class=\"wp-block-post-date\"><time datetime=\"2025-12-21T22:46:46+01:00\">21. Dezember 2025<\/time><\/div><\/div><\/div>\n\n<\/li><li class=\"wp-block-post post-4346 post type-post status-publish format-standard hentry category-allgemein category-fussball category-fussballjugend category-jugend category-kinderturnen category-tischtennis category-tischtennisjugend category-turnen category-volleyball category-volleyballjugend\">\n\n<div class=\"wp-block-group\" style=\"padding-top:30px;padding-right:30px;padding-bottom:30px;padding-left:30px\"><div class=\"wp-block-group__inner-container is-layout-flow wp-block-group-is-layout-flow\"><h2 class=\"wp-block-post-title\"><a href=\"https:\/\/www.sv-b.de\/?p=4346\" target=\"_self\" >\u201eAnton \u2013 Das Vereinsmagazin\u201c 2025\/2<\/a><\/h2>\n\n<div class=\"wp-block-post-excerpt\"><p class=\"wp-block-post-excerpt__excerpt\">Die zweite Ausgabe unseres Vereinsmagazins &#8222;Anton&#8220; pr\u00e4sentiert sich wieder p\u00fcnktlich zur Adventszeit und ist dieses [&hellip;] <\/p><\/div>\n\n<div class=\"wp-block-post-date\"><time datetime=\"2025-12-01T09:18:01+01:00\">1. Dezember 2025<\/time><\/div><\/div><\/div>\n\n<\/li><li class=\"wp-block-post post-4336 post type-post status-publish format-standard hentry category-allgemein category-fussball\">\n\n<div class=\"wp-block-group\" style=\"padding-top:30px;padding-right:30px;padding-bottom:30px;padding-left:30px\"><div class=\"wp-block-group__inner-container is-layout-flow wp-block-group-is-layout-flow\"><h2 class=\"wp-block-post-title\"><a href=\"https:\/\/www.sv-b.de\/?p=4336\" target=\"_self\" >Jahreshauptversammlung der Alt-Herren- Abteilung<\/a><\/h2>\n\n<div class=\"wp-block-post-excerpt\"><p class=\"wp-block-post-excerpt__excerpt\">Liebe Sportsfreunde, zur Jahreshauptversammlung der Alt-Herren-Abteilung laden wir Euch am Freitag, den 02. Januar 2026 [&hellip;] <\/p><\/div>\n\n<div class=\"wp-block-post-date\"><time datetime=\"2025-11-25T09:43:24+01:00\">25. November 2025<\/time><\/div><\/div><\/div>\n\n<\/li><\/ul><\/div>\n\n\n\n<div class=\"alignnormal\"><div id=\"metaslider-id-3707\" style=\"width: 100%;\" class=\"ml-slider-3-107-0 metaslider metaslider-flex metaslider-3707 ml-slider has-dots-nav ms-theme-default\" role=\"region\" aria-label=\"New Slideshow\" data-height=\"300\" data-width=\"700\">\n    <div id=\"metaslider_container_3707\">\n        <div id=\"metaslider_3707\">\n            <ul class='slides'>\n                <li style=\"display: block; width: 100%;\" class=\"slide-3713 ms-image \" aria-roledescription=\"slide\" data-date=\"2024-10-01 14:59:49\" data-filename=\"BeachVolleyball-700x300.jpg\" data-slide-type=\"image\"><img loading=\"lazy\" decoding=\"async\" src=\"https:\/\/www.sv-b.de\/wp-content\/uploads\/2024\/10\/BeachVolleyball-700x300.jpg\" height=\"300\" width=\"700\" alt=\"\" class=\"slider-3707 slide-3713 msDefaultImage\" title=\"BeachVolleyball\" \/><\/li>\n                <li style=\"display: none; width: 100%;\" class=\"slide-3715 ms-image \" aria-roledescription=\"slide\" data-date=\"2024-10-01 14:59:49\" data-filename=\"JugendFussball-700x300.jpg\" data-slide-type=\"image\"><img loading=\"lazy\" decoding=\"async\" src=\"https:\/\/www.sv-b.de\/wp-content\/uploads\/2024\/10\/JugendFussball-700x300.jpg\" height=\"300\" width=\"700\" alt=\"\" class=\"slider-3707 slide-3715 msDefaultImage\" title=\"JugendFussball\" \/><\/li>\n                <li style=\"display: none; width: 100%;\" class=\"slide-3720 ms-image \" aria-roledescription=\"slide\" data-date=\"2024-10-01 15:04:14\" data-filename=\"1_Mannschaft_23-24-587x251.jpg\" data-slide-type=\"image\"><img loading=\"lazy\" decoding=\"async\" src=\"https:\/\/www.sv-b.de\/wp-content\/uploads\/2024\/04\/1_Mannschaft_23-24-587x251.jpg\" height=\"300\" width=\"700\" alt=\"\" class=\"slider-3707 slide-3720 msDefaultImage\" title=\"1_Mannschaft_23-24\" \/><\/li>\n                <li style=\"display: none; width: 100%;\" class=\"slide-3717 ms-image \" aria-roledescription=\"slide\" data-date=\"2024-10-01 14:59:50\" data-filename=\"Tischtennis-700x300.jpg\" data-slide-type=\"image\"><img loading=\"lazy\" decoding=\"async\" src=\"https:\/\/www.sv-b.de\/wp-content\/uploads\/2024\/10\/Tischtennis-700x300.jpg\" height=\"300\" width=\"700\" alt=\"\" class=\"slider-3707 slide-3717 msDefaultImage\" title=\"Tischtennis\" \/><\/li>\n                <li style=\"display: none; width: 100%;\" class=\"slide-3714 ms-image \" aria-roledescription=\"slide\" data-date=\"2024-10-01 14:59:49\" data-filename=\"BeachVolleyball2-700x300.jpg\" data-slide-type=\"image\"><img loading=\"lazy\" decoding=\"async\" src=\"https:\/\/www.sv-b.de\/wp-content\/uploads\/2024\/10\/BeachVolleyball2-700x300.jpg\" height=\"300\" width=\"700\" alt=\"\" class=\"slider-3707 slide-3714 msDefaultImage\" title=\"BeachVolleyball2\" \/><\/li>\n                <li style=\"display: none; width: 100%;\" class=\"slide-3719 ms-image \" aria-roledescription=\"slide\" data-date=\"2024-10-01 15:03:20\" data-filename=\"Kinderturnen-700x300.jpg\" data-slide-type=\"image\"><img loading=\"lazy\" decoding=\"async\" src=\"https:\/\/www.sv-b.de\/wp-content\/uploads\/2024\/09\/Kinderturnen-700x300.jpg\" height=\"300\" width=\"700\" alt=\"\" class=\"slider-3707 slide-3719 msDefaultImage\" title=\"Kinderturnen\" \/><\/li>\n                <li style=\"display: none; width: 100%;\" class=\"slide-3716 ms-image \" aria-roledescription=\"slide\" data-date=\"2024-10-01 14:59:49\" data-filename=\"JugendFussball2-700x300.jpg\" data-slide-type=\"image\"><img loading=\"lazy\" decoding=\"async\" src=\"https:\/\/www.sv-b.de\/wp-content\/uploads\/2024\/10\/JugendFussball2-700x300.jpg\" height=\"300\" width=\"700\" alt=\"\" class=\"slider-3707 slide-3716 msDefaultImage\" title=\"JugendFussball2\" \/><\/li>\n            <\/ul>\n        <\/div>\n        \n    <\/div>\n<\/div><\/div>\n\n\n\n<h1 class=\"wp-block-heading\"><\/h1>\n","protected":false},"excerpt":{"rendered":"<p>Herzlich willkommen auf der Homepage des gr\u00f6\u00dften Mehrsparten-Sportvereins der Gemeinde Bedburg-Hau. Die SV 1923\/27 e.V. [&hellip;]<\/p>\n","protected":false},"author":11,"featured_media":0,"parent":0,"menu_order":0,"comment_status":"closed","ping_status":"closed","template":"","meta":{"footnotes":""},"class_list":["post-3664","page","type-page","status-publish","hentry"],"_links":{"self":[{"href":"https:\/\/www.sv-b.de\/index.php?rest_route=\/wp\/v2\/pages\/3664","targetHints":{"allow":["GET"]}}],"collection":[{"href":"https:\/\/www.sv-b.de\/index.php?rest_route=\/wp\/v2\/pages"}],"about":[{"href":"https:\/\/www.sv-b.de\/index.php?rest_route=\/wp\/v2\/types\/page"}],"author":[{"embeddable":true,"href":"https:\/\/www.sv-b.de\/index.php?rest_route=\/wp\/v2\/users\/11"}],"replies":[{"embeddable":true,"href":"https:\/\/www.sv-b.de\/index.php?rest_route=%2Fwp%2Fv2%2Fcomments&post=3664"}],"version-history":[{"count":22,"href":"https:\/\/www.sv-b.de\/index.php?rest_route=\/wp\/v2\/pages\/3664\/revisions"}],"predecessor-version":[{"id":4227,"href":"https:\/\/www.sv-b.de\/index.php?rest_route=\/wp\/v2\/pages\/3664\/revisions\/4227"}],"wp:attachment":[{"href":"https:\/\/www.sv-b.de\/index.php?rest_route=%2Fwp%2Fv2%2Fmedia&parent=3664"}],"curies":[{"name":"wp","href":"https:\/\/api.w.org\/{rel}","templated":true}]}}