{"id":3015,"date":"2023-11-20T18:28:22","date_gmt":"2023-11-20T17:28:22","guid":{"rendered":"https:\/\/www.sv-b.de\/?page_id=3015"},"modified":"2024-12-16T10:04:39","modified_gmt":"2024-12-16T09:04:39","slug":"fussball-2","status":"publish","type":"page","link":"https:\/\/www.sv-b.de\/?page_id=3015","title":{"rendered":"FU\u00dfBALL"},"content":{"rendered":"\n<p>Men\u00fc: <a href=\"https:\/\/www.sv-b.de\/?page_id=3310\" data-type=\"page\" data-id=\"3310\">Fu\u00dfballsenioren<\/a> <a href=\"https:\/\/www.sv-b.de\/?page_id=3529\" data-type=\"page\" data-id=\"3529\">Fu\u00dfballjunioren<\/a> <a href=\"https:\/\/www.sv-b.de\/?page_id=3338\" data-type=\"page\" data-id=\"3338\">Fu\u00dfball Altherren<\/a> <a href=\"https:\/\/www.sv-b.de\/?page_id=3556\" data-type=\"page\" data-id=\"3556\">Fu\u00dfballvereinsspielplan<\/a><\/p>\n\n\n\n<h4 class=\"wp-block-heading\"><br>NEUIGKEITEN<\/h4>\n\n\n<ul class=\"wp-block-latest-posts__list wp-block-latest-posts\"><li><a class=\"wp-block-latest-posts__post-title\" href=\"https:\/\/www.sv-b.de\/?p=4398\">Nachruf Kurt H\u00f6velmann<\/a><\/li>\n<li><a class=\"wp-block-latest-posts__post-title\" href=\"https:\/\/www.sv-b.de\/?p=4396\">Nachruf Erich Jan\u00dfen<\/a><\/li>\n<li><a class=\"wp-block-latest-posts__post-title\" href=\"https:\/\/www.sv-b.de\/?p=4393\">Weihnachtsgru\u00df<\/a><\/li>\n<li><a class=\"wp-block-latest-posts__post-title\" href=\"https:\/\/www.sv-b.de\/?p=4346\">\u201eAnton \u2013 Das Vereinsmagazin\u201c 2025\/2<\/a><\/li>\n<li><a class=\"wp-block-latest-posts__post-title\" href=\"https:\/\/www.sv-b.de\/?p=4336\">Jahreshauptversammlung der Alt-Herren- Abteilung<\/a><\/li>\n<\/ul>\n\n\n<h4 class=\"wp-block-heading\">FU\u00dfBALL BEI DER SV BEDBURG-HAU<\/h4>\n\n\n\n<p>Auf unserer Sportanlage an der Antoniterstra\u00dfe stehen uns ein moderner Kunst- sowie ein Naturrasenplatz zum Trainings- und Spielbetrieb, als auch mehrere Bambini Naturrasen-Trainingspl\u00e4tze zur Verf\u00fcgung. Zur Winterzeit kann in der neuen Gro\u00dfraumturnhalle gegen\u00fcber (Dietmar-M\u00fcller-Sporthalle) trainiert werden.<\/p>\n\n\n\n<h4 class=\"wp-block-heading\">FU\u00dfBALL SENIOREN<\/h4>\n\n\n\n<p>Ab der Saison 2024\/25 hat die SVB wieder 2 Herrenmannschaften, welche beide in der Kreisklasse C auflaufen.<\/p>\n\n\n\n<p>Weitere Informationen und Kontakte findet Ihr auf unserer internen <a href=\"https:\/\/www.sv-b.de\/?page_id=3310\" data-type=\"page\" data-id=\"3310\">Fu\u00dfballsenioren Seite<\/a>. <\/p>\n\n\n\n<h4 class=\"wp-block-heading\">FU\u00dfBALL JUGEND<\/h4>\n\n\n\n<p>Unsere Fu\u00dfball-Juniorenabteilung umfasst seit der Saison 2017\/2018 in allen Altersklassen von den Bambini (G-Jugend) bis zur A-Jugend mindestens eine Mannschaft. Von den D- bis A-Junioren bilden wir eine Spielgemeinschaft mit der SGE 05 Bedburg-Hau und spielen durchg\u00e4ngig in der Kreisleistungsklasse.&nbsp;<\/p>\n\n\n\n<p>Weitere Informationen und Kontakte findet Ihr auf unserer internen <a href=\"https:\/\/www.sv-b.de\/?page_id=3529\" data-type=\"page\" data-id=\"3529\">Fu\u00dfballjunioren<\/a> Seite.<\/p>\n\n\n\n<h1 class=\"wp-block-heading alignwide has-text-align-center\">Vereinsspielplan Fussball.de<\/h1>\n\n\n<div id=\"fubade-0-LI2BU\" class=\"include-fussball-de-widgets\">\n\t<iframe src='\/\/www.fussball.de\/widget2\/-\/schluessel\/02NO6B4VG8000000VUM1DNOBVUVLI2BU\/target\/fubade-0-LI2BU\/caller\/www.sv-b.de' width='900px' height='100%' scrolling='no' style='border: 1px solid #CECECE; overflow: hidden; min-height: 200px;'><\/iframe>\n<\/div>\n","protected":false},"excerpt":{"rendered":"<p>Men\u00fc: Fu\u00dfballsenioren Fu\u00dfballjunioren Fu\u00dfball Altherren Fu\u00dfballvereinsspielplan NEUIGKEITEN FU\u00dfBALL BEI DER SV BEDBURG-HAU Auf unserer Sportanlage [&hellip;]<\/p>\n","protected":false},"author":11,"featured_media":3740,"parent":0,"menu_order":0,"comment_status":"closed","ping_status":"closed","template":"","meta":{"footnotes":""},"class_list":["post-3015","page","type-page","status-publish","has-post-thumbnail","hentry"],"_links":{"self":[{"href":"https:\/\/www.sv-b.de\/index.php?rest_route=\/wp\/v2\/pages\/3015","targetHints":{"allow":["GET"]}}],"collection":[{"href":"https:\/\/www.sv-b.de\/index.php?rest_route=\/wp\/v2\/pages"}],"about":[{"href":"https:\/\/www.sv-b.de\/index.php?rest_route=\/wp\/v2\/types\/page"}],"author":[{"embeddable":true,"href":"https:\/\/www.sv-b.de\/index.php?rest_route=\/wp\/v2\/users\/11"}],"replies":[{"embeddable":true,"href":"https:\/\/www.sv-b.de\/index.php?rest_route=%2Fwp%2Fv2%2Fcomments&post=3015"}],"version-history":[{"count":25,"href":"https:\/\/www.sv-b.de\/index.php?rest_route=\/wp\/v2\/pages\/3015\/revisions"}],"predecessor-version":[{"id":4175,"href":"https:\/\/www.sv-b.de\/index.php?rest_route=\/wp\/v2\/pages\/3015\/revisions\/4175"}],"wp:featuredmedia":[{"embeddable":true,"href":"https:\/\/www.sv-b.de\/index.php?rest_route=\/wp\/v2\/media\/3740"}],"wp:attachment":[{"href":"https:\/\/www.sv-b.de\/index.php?rest_route=%2Fwp%2Fv2%2Fmedia&parent=3015"}],"curies":[{"name":"wp","href":"https:\/\/api.w.org\/{rel}","templated":true}]}}